{"id":3610,"date":"2022-12-29T09:59:20","date_gmt":"2022-12-29T08:59:20","guid":{"rendered":"https:\/\/www.feuerwehr-trebur.org\/web\/?page_id=3610"},"modified":"2022-12-29T10:03:42","modified_gmt":"2022-12-29T09:03:42","slug":"ehemalige_fahrzeuge","status":"publish","type":"page","link":"https:\/\/www.feuerwehr-trebur.org\/web\/fuhrpark\/ehemalige_fahrzeuge\/","title":{"rendered":"Ehemalige Fahrzeuge"},"content":{"rendered":"<div class=\"wpb-content-wrapper\">[vc_row][vc_column width=&#8220;2\/3&#8243;][vc_column_text]In den vergangenen Jahren und Jahrzehnten hat die Treburer Feuerwehr eine Vielzahl an Fahrzeugen genutzt. Diese Seite soll ihnen ein digitales Denkmal setzen.<\/p>\n<p>Details zu diesen Fahrzeugen finden Sie [<a href=\"https:\/\/www.feuerwehr-trebur.org\/web\/wp-content\/uploads\/2022\/12\/Ehemalige-Fahrzeuge.pdf\">hier<\/a>] (PDF-Datei, 26 Seiten).<\/p>\n<p>&nbsp;<\/p>\n<p>&nbsp;<\/p>\n<div id=\"attachment_3599\" style=\"width: 443px\" class=\"wp-caption aligncenter\"><a href=\"https:\/\/www.feuerwehr-trebur.org\/web\/wp-content\/uploads\/2022\/12\/1.jpg\" rel=\"wp-prettyPhoto[3610]\"><img loading=\"lazy\" decoding=\"async\" aria-describedby=\"caption-attachment-3599\" class=\"wp-image-3599 size-full\" src=\"https:\/\/www.feuerwehr-trebur.org\/web\/wp-content\/uploads\/2022\/12\/1.jpg\" alt=\"\" width=\"433\" height=\"288\" srcset=\"https:\/\/www.feuerwehr-trebur.org\/web\/wp-content\/uploads\/2022\/12\/1.jpg 433w, https:\/\/www.feuerwehr-trebur.org\/web\/wp-content\/uploads\/2022\/12\/1-300x200.jpg 300w\" sizes=\"auto, (max-width: 433px) 100vw, 433px\" \/><\/a><p id=\"caption-attachment-3599\" class=\"wp-caption-text\">Die ersten motorisierten Fahrzeuge der Feuerwehr Trebur mit dem LF \/ TSA 8 links und dem neuen LF 16 rechts vor dem ebenfalls neuen Ger\u00e4tehaus in der Hauptstra\u00dfe 22 im September 1964.<\/p><\/div>\n<div id=\"attachment_3600\" style=\"width: 610px\" class=\"wp-caption aligncenter\"><a href=\"https:\/\/www.feuerwehr-trebur.org\/web\/wp-content\/uploads\/2022\/12\/2.jpg\" rel=\"wp-prettyPhoto[3610]\"><img loading=\"lazy\" decoding=\"async\" aria-describedby=\"caption-attachment-3600\" class=\"wp-image-3600 size-large\" src=\"https:\/\/www.feuerwehr-trebur.org\/web\/wp-content\/uploads\/2022\/12\/2-1024x717.jpg\" alt=\"\" width=\"600\" height=\"420\" srcset=\"https:\/\/www.feuerwehr-trebur.org\/web\/wp-content\/uploads\/2022\/12\/2-1024x717.jpg 1024w, https:\/\/www.feuerwehr-trebur.org\/web\/wp-content\/uploads\/2022\/12\/2-300x210.jpg 300w, https:\/\/www.feuerwehr-trebur.org\/web\/wp-content\/uploads\/2022\/12\/2-768x538.jpg 768w, https:\/\/www.feuerwehr-trebur.org\/web\/wp-content\/uploads\/2022\/12\/2-1536x1076.jpg 1536w, https:\/\/www.feuerwehr-trebur.org\/web\/wp-content\/uploads\/2022\/12\/2.jpg 1749w\" sizes=\"auto, (max-width: 600px) 100vw, 600px\" \/><\/a><p id=\"caption-attachment-3600\" class=\"wp-caption-text\">Fuhrpark vor dem Ger\u00e4tehaus Hauptstra\u00dfe im Jahr 1969 mit dem LF 16 links und dem neu \u00fcbergebenen LF 8 rechts, nicht im Bild der P 250.<\/p><\/div>\n<div id=\"attachment_3601\" style=\"width: 484px\" class=\"wp-caption aligncenter\"><a href=\"https:\/\/www.feuerwehr-trebur.org\/web\/wp-content\/uploads\/2022\/12\/3.jpg\" rel=\"wp-prettyPhoto[3610]\"><img loading=\"lazy\" decoding=\"async\" aria-describedby=\"caption-attachment-3601\" class=\"wp-image-3601 size-full\" src=\"https:\/\/www.feuerwehr-trebur.org\/web\/wp-content\/uploads\/2022\/12\/3.jpg\" alt=\"\" width=\"474\" height=\"314\" srcset=\"https:\/\/www.feuerwehr-trebur.org\/web\/wp-content\/uploads\/2022\/12\/3.jpg 474w, https:\/\/www.feuerwehr-trebur.org\/web\/wp-content\/uploads\/2022\/12\/3-300x199.jpg 300w\" sizes=\"auto, (max-width: 474px) 100vw, 474px\" \/><\/a><p id=\"caption-attachment-3601\" class=\"wp-caption-text\">Fuhrpark vor dem Ger\u00e4tehaus Hauptstra\u00dfe im Jahr des 40-j\u00e4hrigen Jubil\u00e4ums 1980 mit (von links) Katastrophenschutzboot, P 250, MTF, LF 8 und TLF 16\/25.<\/p><\/div>\n<p>&nbsp;<\/p>\n<div id=\"attachment_3602\" style=\"width: 610px\" class=\"wp-caption aligncenter\"><a href=\"https:\/\/www.feuerwehr-trebur.org\/web\/wp-content\/uploads\/2022\/12\/4.jpg\" rel=\"wp-prettyPhoto[3610]\"><img loading=\"lazy\" decoding=\"async\" aria-describedby=\"caption-attachment-3602\" class=\"wp-image-3602 size-large\" src=\"https:\/\/www.feuerwehr-trebur.org\/web\/wp-content\/uploads\/2022\/12\/4-1024x664.jpg\" alt=\"\" width=\"600\" height=\"389\" srcset=\"https:\/\/www.feuerwehr-trebur.org\/web\/wp-content\/uploads\/2022\/12\/4-1024x664.jpg 1024w, https:\/\/www.feuerwehr-trebur.org\/web\/wp-content\/uploads\/2022\/12\/4-300x194.jpg 300w, https:\/\/www.feuerwehr-trebur.org\/web\/wp-content\/uploads\/2022\/12\/4-768x498.jpg 768w, https:\/\/www.feuerwehr-trebur.org\/web\/wp-content\/uploads\/2022\/12\/4.jpg 1390w\" sizes=\"auto, (max-width: 600px) 100vw, 600px\" \/><\/a><p id=\"caption-attachment-3602\" class=\"wp-caption-text\">Die Fahrzeuge im M\u00e4rz 1982 beim Auszug aus dem alten Ger\u00e4tehaus Hauptstra\u00dfe 22 mit (von links) MTF, GW, LF 8 und TLF 16\/25, nicht auf dem Bild dargestellt sind die Anh\u00e4nger und Boote.<\/p><\/div>\n<p>&nbsp;<\/p>\n<div id=\"attachment_3603\" style=\"width: 610px\" class=\"wp-caption aligncenter\"><a href=\"https:\/\/www.feuerwehr-trebur.org\/web\/wp-content\/uploads\/2022\/12\/5.jpg\" rel=\"wp-prettyPhoto[3610]\"><img loading=\"lazy\" decoding=\"async\" aria-describedby=\"caption-attachment-3603\" class=\"wp-image-3603 size-large\" src=\"https:\/\/www.feuerwehr-trebur.org\/web\/wp-content\/uploads\/2022\/12\/5-1024x665.jpg\" alt=\"\" width=\"600\" height=\"390\" srcset=\"https:\/\/www.feuerwehr-trebur.org\/web\/wp-content\/uploads\/2022\/12\/5-1024x665.jpg 1024w, https:\/\/www.feuerwehr-trebur.org\/web\/wp-content\/uploads\/2022\/12\/5-300x195.jpg 300w, https:\/\/www.feuerwehr-trebur.org\/web\/wp-content\/uploads\/2022\/12\/5-768x499.jpg 768w, https:\/\/www.feuerwehr-trebur.org\/web\/wp-content\/uploads\/2022\/12\/5.jpg 1298w\" sizes=\"auto, (max-width: 600px) 100vw, 600px\" \/><\/a><p id=\"caption-attachment-3603\" class=\"wp-caption-text\">Fuhrpark im M\u00e4rz 1982 bei Einzug in das neue Ger\u00e4tehaus in der Astheimer Stra\u00dfe 86 mit (von links) Katastrophenschutzboot, GW, LF 8, TLF 16\/25, MTF, hinter den beiden L\u00f6schfahrzeugen abgestellt und nicht zu erkennen der Schaum-Wasser-Werfer und der P 250.<\/p><\/div>\n<p>&nbsp;<\/p>\n<div id=\"attachment_3604\" style=\"width: 452px\" class=\"wp-caption aligncenter\"><a href=\"https:\/\/www.feuerwehr-trebur.org\/web\/wp-content\/uploads\/2022\/12\/6.jpg\" rel=\"wp-prettyPhoto[3610]\"><img loading=\"lazy\" decoding=\"async\" aria-describedby=\"caption-attachment-3604\" class=\"wp-image-3604 size-full\" src=\"https:\/\/www.feuerwehr-trebur.org\/web\/wp-content\/uploads\/2022\/12\/6.jpg\" alt=\"\" width=\"442\" height=\"316\" srcset=\"https:\/\/www.feuerwehr-trebur.org\/web\/wp-content\/uploads\/2022\/12\/6.jpg 442w, https:\/\/www.feuerwehr-trebur.org\/web\/wp-content\/uploads\/2022\/12\/6-300x214.jpg 300w\" sizes=\"auto, (max-width: 442px) 100vw, 442px\" \/><\/a><p id=\"caption-attachment-3604\" class=\"wp-caption-text\">Die Fahrzeuge zum 50-j\u00e4hrigen Jubil\u00e4um 1990 vor dem Ger\u00e4tehaus mit (von links) GW-\u00d6l, RW 2, LF 8, TLF 16\/25 und ELW 1. Die Anh\u00e4nger wurden auch hier hinter den Fahrzeugen abgestellt und sind auf dem Bild nicht zu erkennen.<\/p><\/div>\n<p>&nbsp;<\/p>\n<div id=\"attachment_3605\" style=\"width: 610px\" class=\"wp-caption aligncenter\"><a href=\"https:\/\/www.feuerwehr-trebur.org\/web\/wp-content\/uploads\/2022\/12\/7.jpg\" rel=\"wp-prettyPhoto[3610]\"><img loading=\"lazy\" decoding=\"async\" aria-describedby=\"caption-attachment-3605\" class=\"wp-image-3605 size-large\" src=\"https:\/\/www.feuerwehr-trebur.org\/web\/wp-content\/uploads\/2022\/12\/7-1024x696.jpg\" alt=\"\" width=\"600\" height=\"408\" srcset=\"https:\/\/www.feuerwehr-trebur.org\/web\/wp-content\/uploads\/2022\/12\/7-1024x696.jpg 1024w, https:\/\/www.feuerwehr-trebur.org\/web\/wp-content\/uploads\/2022\/12\/7-300x204.jpg 300w, https:\/\/www.feuerwehr-trebur.org\/web\/wp-content\/uploads\/2022\/12\/7-768x522.jpg 768w, https:\/\/www.feuerwehr-trebur.org\/web\/wp-content\/uploads\/2022\/12\/7.jpg 1231w\" sizes=\"auto, (max-width: 600px) 100vw, 600px\" \/><\/a><p id=\"caption-attachment-3605\" class=\"wp-caption-text\">Der bisher gr\u00f6\u00dfte Fuhrpark der Abteilung Trebur wurde im Jahr 1992 mit diesem Bild festgehalten. So mussten 7 Fahrzeuge im Ger\u00e4tehaus in 6 Fahrzeugboxen untergebracht werden. Zu erkennen sind (von links) ELW 1, MTF, GW-\u00d6l, GW-N, LF 8, RW 2 und TLF 16\/25. Nicht gezeigt werden die Anh\u00e4nger.<\/p><\/div>\n<p>&nbsp;<\/p>\n<div id=\"attachment_3606\" style=\"width: 610px\" class=\"wp-caption aligncenter\"><a href=\"https:\/\/www.feuerwehr-trebur.org\/web\/wp-content\/uploads\/2022\/12\/8.jpg\" rel=\"wp-prettyPhoto[3610]\"><img loading=\"lazy\" decoding=\"async\" aria-describedby=\"caption-attachment-3606\" class=\"wp-image-3606 size-large\" src=\"https:\/\/www.feuerwehr-trebur.org\/web\/wp-content\/uploads\/2022\/12\/8-1024x820.jpg\" alt=\"\" width=\"600\" height=\"480\" srcset=\"https:\/\/www.feuerwehr-trebur.org\/web\/wp-content\/uploads\/2022\/12\/8-1024x820.jpg 1024w, https:\/\/www.feuerwehr-trebur.org\/web\/wp-content\/uploads\/2022\/12\/8-300x240.jpg 300w, https:\/\/www.feuerwehr-trebur.org\/web\/wp-content\/uploads\/2022\/12\/8-768x615.jpg 768w, https:\/\/www.feuerwehr-trebur.org\/web\/wp-content\/uploads\/2022\/12\/8.jpg 1228w\" sizes=\"auto, (max-width: 600px) 100vw, 600px\" \/><\/a><p id=\"caption-attachment-3606\" class=\"wp-caption-text\">Der Fuhrpark nach einigen Ver\u00e4nderungen im Februar 1999. Zu erkennen sind (von links) MTF, GW-N, GW-StrSpTr, VRW, TLF 16\/25, LF 16\/12 und ELW 1. Nicht auf dem Bild, aber im Einsatzdienst seinerzeit auch das MZB und der Schaum-Wasser-Werfer.<\/p><\/div>\n<p>&nbsp;<\/p>\n<div id=\"attachment_3607\" style=\"width: 610px\" class=\"wp-caption aligncenter\"><a href=\"https:\/\/www.feuerwehr-trebur.org\/web\/wp-content\/uploads\/2022\/12\/9.jpg\" rel=\"wp-prettyPhoto[3610]\"><img loading=\"lazy\" decoding=\"async\" aria-describedby=\"caption-attachment-3607\" class=\"wp-image-3607 size-large\" src=\"https:\/\/www.feuerwehr-trebur.org\/web\/wp-content\/uploads\/2022\/12\/9-1024x685.jpg\" alt=\"\" width=\"600\" height=\"401\" srcset=\"https:\/\/www.feuerwehr-trebur.org\/web\/wp-content\/uploads\/2022\/12\/9-1024x685.jpg 1024w, https:\/\/www.feuerwehr-trebur.org\/web\/wp-content\/uploads\/2022\/12\/9-300x201.jpg 300w, https:\/\/www.feuerwehr-trebur.org\/web\/wp-content\/uploads\/2022\/12\/9-768x514.jpg 768w, https:\/\/www.feuerwehr-trebur.org\/web\/wp-content\/uploads\/2022\/12\/9.jpg 1301w\" sizes=\"auto, (max-width: 600px) 100vw, 600px\" \/><\/a><p id=\"caption-attachment-3607\" class=\"wp-caption-text\">Die Fahrzeuge im M\u00e4rz 2015 zum 75-j\u00e4hrigen Jubil\u00e4um der Feuerwehr Trebur mit (hinten von links): GW-StrSpTr, MTW, VRW, LF 16\/12, TLF 16\/25 sowie (vorne von links): RTB II und Schaum-Wasser-Werfer.<\/p><\/div>\n<p>&nbsp;<\/p>\n<div id=\"attachment_3608\" style=\"width: 610px\" class=\"wp-caption aligncenter\"><a href=\"https:\/\/www.feuerwehr-trebur.org\/web\/wp-content\/uploads\/2022\/12\/10.jpg\" rel=\"wp-prettyPhoto[3610]\"><img loading=\"lazy\" decoding=\"async\" aria-describedby=\"caption-attachment-3608\" class=\"wp-image-3608 size-large\" src=\"https:\/\/www.feuerwehr-trebur.org\/web\/wp-content\/uploads\/2022\/12\/10-1024x684.jpg\" alt=\"\" width=\"600\" height=\"401\" srcset=\"https:\/\/www.feuerwehr-trebur.org\/web\/wp-content\/uploads\/2022\/12\/10-1024x684.jpg 1024w, https:\/\/www.feuerwehr-trebur.org\/web\/wp-content\/uploads\/2022\/12\/10-300x200.jpg 300w, https:\/\/www.feuerwehr-trebur.org\/web\/wp-content\/uploads\/2022\/12\/10-768x513.jpg 768w, https:\/\/www.feuerwehr-trebur.org\/web\/wp-content\/uploads\/2022\/12\/10.jpg 1390w\" sizes=\"auto, (max-width: 600px) 100vw, 600px\" \/><\/a><p id=\"caption-attachment-3608\" class=\"wp-caption-text\">Der Fuhrpark im April 2022 mit 6 Fahrzeugen, aber seit langen wieder ohne Anh\u00e4nger. Zu erkennen sind (von links): GW-ABC Erk HE, MTW, VRW, TLF 16\/25, LF 16\/12 und ELW 1.<\/p><\/div>\n[\/vc_column_text][\/vc_column][\/vc_row]\n<\/div>","protected":false},"excerpt":{"rendered":"<p>[vc_row][vc_column width=&#8220;2\/3&#8243;][vc_column_text]In den vergangenen Jahren und Jahrzehnten hat die Treburer Feuerwehr eine Vielzahl an Fahrzeugen genutzt. Diese Seite soll ihnen ein digitales Denkmal setzen. Details zu diesen Fahrzeugen finden Sie [hier] (PDF-Datei, 26 Seiten). &nbsp; &nbsp; &nbsp; &nbsp; &nbsp; &nbsp; &nbsp; &nbsp; &nbsp; [\/vc_column_text][\/vc_column][\/vc_row]<\/p>\n","protected":false},"author":6,"featured_media":3618,"parent":403,"menu_order":0,"comment_status":"open","ping_status":"open","template":"page-FullWidth.php","meta":{"footnotes":"","_links_to":"","_links_to_target":""},"class_list":["post-3610","page","type-page","status-publish","has-post-thumbnail","hentry"],"_links":{"self":[{"href":"https:\/\/www.feuerwehr-trebur.org\/web\/wp-json\/wp\/v2\/pages\/3610","targetHints":{"allow":["GET"]}}],"collection":[{"href":"https:\/\/www.feuerwehr-trebur.org\/web\/wp-json\/wp\/v2\/pages"}],"about":[{"href":"https:\/\/www.feuerwehr-trebur.org\/web\/wp-json\/wp\/v2\/types\/page"}],"author":[{"embeddable":true,"href":"https:\/\/www.feuerwehr-trebur.org\/web\/wp-json\/wp\/v2\/users\/6"}],"replies":[{"embeddable":true,"href":"https:\/\/www.feuerwehr-trebur.org\/web\/wp-json\/wp\/v2\/comments?post=3610"}],"version-history":[{"count":4,"href":"https:\/\/www.feuerwehr-trebur.org\/web\/wp-json\/wp\/v2\/pages\/3610\/revisions"}],"predecessor-version":[{"id":3620,"href":"https:\/\/www.feuerwehr-trebur.org\/web\/wp-json\/wp\/v2\/pages\/3610\/revisions\/3620"}],"up":[{"embeddable":true,"href":"https:\/\/www.feuerwehr-trebur.org\/web\/wp-json\/wp\/v2\/pages\/403"}],"wp:featuredmedia":[{"embeddable":true,"href":"https:\/\/www.feuerwehr-trebur.org\/web\/wp-json\/wp\/v2\/media\/3618"}],"wp:attachment":[{"href":"https:\/\/www.feuerwehr-trebur.org\/web\/wp-json\/wp\/v2\/media?parent=3610"}],"curies":[{"name":"wp","href":"https:\/\/api.w.org\/{rel}","templated":true}]}}