{"id":1667,"date":"2020-12-30T15:51:23","date_gmt":"2020-12-30T14:51:23","guid":{"rendered":"http:\/\/feuerwehr-trebur.org\/web\/?page_id=1667"},"modified":"2020-12-30T15:51:42","modified_gmt":"2020-12-30T14:51:42","slug":"elw-1","status":"publish","type":"page","link":"https:\/\/www.feuerwehr-trebur.org\/web\/fuhrpark\/elw-1\/","title":{"rendered":"Einsatzleitwagen ELW 1"},"content":{"rendered":"<div class=\"wpb-content-wrapper\">[vc_row][vc_column width=&#8220;2\/3&#8243;][vc_column_text]<a href=\"https:\/\/www.feuerwehr-trebur.org\/web\/wp-content\/uploads\/2020\/12\/ELW1.jpg\" rel=\"wp-prettyPhoto[1667]\"><img loading=\"lazy\" decoding=\"async\" class=\"aligncenter size-full wp-image-3028\" src=\"https:\/\/www.feuerwehr-trebur.org\/web\/wp-content\/uploads\/2020\/12\/ELW1.jpg\" alt=\"\" width=\"454\" height=\"302\" srcset=\"https:\/\/www.feuerwehr-trebur.org\/web\/wp-content\/uploads\/2020\/12\/ELW1.jpg 454w, https:\/\/www.feuerwehr-trebur.org\/web\/wp-content\/uploads\/2020\/12\/ELW1-300x200.jpg 300w\" sizes=\"auto, (max-width: 454px) 100vw, 454px\" \/><\/a><a href=\"https:\/\/www.feuerwehr-trebur.org\/web\/wp-content\/uploads\/2020\/12\/ELW2.jpg\" rel=\"wp-prettyPhoto[1667]\"><img loading=\"lazy\" decoding=\"async\" class=\"aligncenter size-large wp-image-3029\" src=\"https:\/\/www.feuerwehr-trebur.org\/web\/wp-content\/uploads\/2020\/12\/ELW2.jpg\" alt=\"\" width=\"454\" height=\"302\" srcset=\"https:\/\/www.feuerwehr-trebur.org\/web\/wp-content\/uploads\/2020\/12\/ELW2.jpg 454w, https:\/\/www.feuerwehr-trebur.org\/web\/wp-content\/uploads\/2020\/12\/ELW2-300x200.jpg 300w\" sizes=\"auto, (max-width: 454px) 100vw, 454px\" \/><\/a><\/p>\n<p><strong>Fahrzeugkenndaten:<\/strong><br \/>\nFunkrufname: Florian Trebur 11<br \/>\nFahrgestell: Volkswagen T5<br \/>\nAufbau: Friedrich Leutert GmbH &amp; Co. KG<br \/>\nBaujahr: 2008<br \/>\nIndienststellung in der Gemeinde Trebur: 2015<br \/>\nMotorleistung: 130 PS<br \/>\nZul\u00e4ssiges Gesamtgewicht: 3.000 kg<br \/>\nBesatzungsst\u00e4rke: Zugtrupp 1\/3 (4 Personen)<br \/>\nDas Fahrzeug wurde vor der \u00dcbernahme nach Trebur von einer Werkfeuerwehr in Wilhelmshafen ebenfalls als ELW genutzt.<\/p>\n<p><strong>Einsatzschwerpunkte:<\/strong><br \/>\n&#8211; Einsatzleitfahrzeug der Feuerwehr der Gro\u00dfgemeinde Trebur<br \/>\n&#8211; Unterst\u00fctzung des Einsatzleiters und Kontaktschnittstelle zur Leitstelle bei Eins\u00e4tzen im Ortsteil Trebur oder Eins\u00e4tzen mit mindestens zwei Ortsteilwehren<br \/>\n&#8211; M\u00f6glichkeit zur Lagebesprechung oder F\u00fchrung eine Bereitstellungsraums<br \/>\n&#8211; F\u00fchrungsfahrzeug bei Ausr\u00fccken eines Zuges der Feuerwehr der Gro\u00dfgemeinde Trebur in eine andere Kommune<\/p>\n<div class=\"su-spoiler su-spoiler-style-default su-spoiler-icon-plus su-spoiler-closed\" data-scroll-offset=\"0\" data-anchor-in-url=\"no\"><div class=\"su-spoiler-title\" tabindex=\"0\" role=\"button\"><span class=\"su-spoiler-icon\"><\/span>Beladung Fahrgastraum<\/div><div class=\"su-spoiler-content su-u-clearfix su-u-trim\">\n<a href=\"https:\/\/www.feuerwehr-trebur.org\/web\/wp-content\/uploads\/2020\/12\/EWL3.jpg\" rel=\"wp-prettyPhoto[1667]\"><img loading=\"lazy\" decoding=\"async\" class=\"aligncenter size-full wp-image-3030\" src=\"https:\/\/www.feuerwehr-trebur.org\/web\/wp-content\/uploads\/2020\/12\/EWL3.jpg\" alt=\"\" width=\"454\" height=\"302\" srcset=\"https:\/\/www.feuerwehr-trebur.org\/web\/wp-content\/uploads\/2020\/12\/EWL3.jpg 454w, https:\/\/www.feuerwehr-trebur.org\/web\/wp-content\/uploads\/2020\/12\/EWL3-300x200.jpg 300w\" sizes=\"auto, (max-width: 454px) 100vw, 454px\" \/><\/a><br \/>\n&#8211; 2 x Funkarbeitsplatz Lardis<br \/>\n&#8211; drehbare Vordersitze, um vier Arbeitspl\u00e4tze zu erhalten<br \/>\n&#8211; Einsatzpl\u00e4ne allgemein und verschiedener Objekte der Gro\u00dfgemeinde<br \/>\n&#8211; Laptop, Drucker, Fotoapparat, Schreibzeug, Klemmbretter<br \/>\n&#8211; 4 tragbare Funkger\u00e4te, 2 Handlampen<br \/>\n&#8211; rote Dachleuchte zur Signalisierung &#8222;Einsatzleitung&#8220;<br \/>\n<\/div><\/div>\n<div class=\"su-spoiler su-spoiler-style-default su-spoiler-icon-plus su-spoiler-closed\" data-scroll-offset=\"0\" data-anchor-in-url=\"no\"><div class=\"su-spoiler-title\" tabindex=\"0\" role=\"button\"><span class=\"su-spoiler-icon\"><\/span>Beladung Ger\u00e4teraum Heck<\/div><div class=\"su-spoiler-content su-u-clearfix su-u-trim\">\n<a href=\"https:\/\/www.feuerwehr-trebur.org\/web\/wp-content\/uploads\/2020\/12\/EWL4.jpg\" rel=\"wp-prettyPhoto[1667]\"><img loading=\"lazy\" decoding=\"async\" class=\"aligncenter size-full wp-image-3031\" src=\"https:\/\/www.feuerwehr-trebur.org\/web\/wp-content\/uploads\/2020\/12\/EWL4.jpg\" alt=\"\" width=\"454\" height=\"302\" srcset=\"https:\/\/www.feuerwehr-trebur.org\/web\/wp-content\/uploads\/2020\/12\/EWL4.jpg 454w, https:\/\/www.feuerwehr-trebur.org\/web\/wp-content\/uploads\/2020\/12\/EWL4-300x200.jpg 300w\" sizes=\"auto, (max-width: 454px) 100vw, 454px\" \/><\/a><br \/>\n&#8211; 1 Megafon, 1 Leitungsroller 50 m, 1 Kabel zur Fahrzeug Einspeisung<br \/>\n&#8211; 1 Fernthermometer, 1 Fernglas, 1 Entfernungsmesser<br \/>\n&#8211; 1 Kiste mit Getr\u00e4nken , 1 Kiste mit Funktionswesten, M\u00fclls\u00e4cke<br \/>\n&#8211; 2 Triopane, Magnesiumfackeln, 1 Halligen-Tool, 1 Bolzenschneider, 1 Blechaufreisser<br \/>\n&#8211; 1 Feuerl\u00f6scher, 1 L\u00f6schdecke, 1 Erste-Hilfe-Kasten<br \/>\n&#8211; 2 Magnetschilder &#8222;Einsatzleitung&#8220;<br \/>\n<\/div><\/div>\n[\/vc_column_text][\/vc_column][\/vc_row]\n<\/div>","protected":false},"excerpt":{"rendered":"<p>[vc_row][vc_column width=&#8220;2\/3&#8243;][vc_column_text] Fahrzeugkenndaten: Funkrufname: Florian Trebur 11 Fahrgestell: Volkswagen T5 Aufbau: Friedrich Leutert GmbH &amp; Co. KG Baujahr: 2008 Indienststellung in der Gemeinde Trebur: 2015 Motorleistung: 130 PS Zul\u00e4ssiges Gesamtgewicht: 3.000 kg Besatzungsst\u00e4rke: Zugtrupp 1\/3 (4 Personen) Das Fahrzeug wurde vor der \u00dcbernahme nach Trebur von einer<\/p>\n","protected":false},"author":6,"featured_media":406,"parent":403,"menu_order":0,"comment_status":"open","ping_status":"open","template":"page-FullWidth.php","meta":{"footnotes":"","_links_to":"","_links_to_target":""},"class_list":["post-1667","page","type-page","status-publish","has-post-thumbnail","hentry"],"_links":{"self":[{"href":"https:\/\/www.feuerwehr-trebur.org\/web\/wp-json\/wp\/v2\/pages\/1667","targetHints":{"allow":["GET"]}}],"collection":[{"href":"https:\/\/www.feuerwehr-trebur.org\/web\/wp-json\/wp\/v2\/pages"}],"about":[{"href":"https:\/\/www.feuerwehr-trebur.org\/web\/wp-json\/wp\/v2\/types\/page"}],"author":[{"embeddable":true,"href":"https:\/\/www.feuerwehr-trebur.org\/web\/wp-json\/wp\/v2\/users\/6"}],"replies":[{"embeddable":true,"href":"https:\/\/www.feuerwehr-trebur.org\/web\/wp-json\/wp\/v2\/comments?post=1667"}],"version-history":[{"count":3,"href":"https:\/\/www.feuerwehr-trebur.org\/web\/wp-json\/wp\/v2\/pages\/1667\/revisions"}],"predecessor-version":[{"id":3033,"href":"https:\/\/www.feuerwehr-trebur.org\/web\/wp-json\/wp\/v2\/pages\/1667\/revisions\/3033"}],"up":[{"embeddable":true,"href":"https:\/\/www.feuerwehr-trebur.org\/web\/wp-json\/wp\/v2\/pages\/403"}],"wp:featuredmedia":[{"embeddable":true,"href":"https:\/\/www.feuerwehr-trebur.org\/web\/wp-json\/wp\/v2\/media\/406"}],"wp:attachment":[{"href":"https:\/\/www.feuerwehr-trebur.org\/web\/wp-json\/wp\/v2\/media?parent=1667"}],"curies":[{"name":"wp","href":"https:\/\/api.w.org\/{rel}","templated":true}]}}